{"id":177,"date":"2024-01-15T20:51:46","date_gmt":"2024-01-15T20:51:46","guid":{"rendered":"https:\/\/alpha.stagecr.com\/?page_id=177"},"modified":"2024-04-03T13:28:49","modified_gmt":"2024-04-03T13:28:49","slug":"especialidades","status":"publish","type":"page","link":"https:\/\/alpha.stagecr.com\/index.php\/especialidades\/","title":{"rendered":"Especialidades"},"content":{"rendered":"<p>[et_pb_section fb_built=\u00bb1&#8243; admin_label=\u00bbHero\u00bb _builder_version=\u00bb4.16&#8243; custom_padding=\u00bb0|0px|54px|0px|false|false\u00bb bottom_divider_height=\u00bb0px\u00bb border_width_bottom=\u00bb1px\u00bb border_color_bottom=\u00bb#efefef\u00bb global_colors_info=\u00bb{}\u00bb][et_pb_row column_structure=\u00bb1_2,1_2&#8243; _builder_version=\u00bb4.16&#8243; width=\u00bb100%\u00bb max_width=\u00bb100%\u00bb custom_margin=\u00bb|||\u00bb custom_margin_tablet=\u00bb||0px|\u00bb custom_margin_phone=\u00bb\u00bb custom_margin_last_edited=\u00bbon|desktop\u00bb custom_padding=\u00bb0|0px|27px|0px|false|false\u00bb use_custom_width=\u00bbon\u00bb width_unit=\u00bboff\u00bb custom_width_percent=\u00bb100%\u00bb global_colors_info=\u00bb{}\u00bb][et_pb_column type=\u00bb1_2&#8243; _builder_version=\u00bb4.16&#8243; custom_padding=\u00bb6%||6%|12%\u00bb custom_padding_tablet=\u00bb50px|50px|50px|50px\u00bb custom_padding_phone=\u00bb50px|50px|50px|50px\u00bb custom_padding_last_edited=\u00bbon|tablet\u00bb global_colors_info=\u00bb{}\u00bb padding_tablet=\u00bb50px|50px|50px|50px\u00bb padding_last_edited=\u00bbon|tablet\u00bb custom_padding__hover=\u00bb|||\u00bb padding_phone=\u00bb50px|50px|50px|50px\u00bb][et_pb_image src=\u00bbhttps:\/\/alpha.stagecr.com\/wp-content\/uploads\/2024\/01\/health-icon-3-1.png\u00bb _builder_version=\u00bb4.16&#8243; always_center_on_mobile=\u00bboff\u00bb global_colors_info=\u00bb{}\u00bb][\/et_pb_image][et_pb_text _builder_version=\u00bb4.23.2&#8243; text_font=\u00bbMontserrat|300|||||||\u00bb text_text_color=\u00bb#677a92&#8243; text_font_size=\u00bb16px\u00bb text_line_height=\u00bb1.8em\u00bb header_font=\u00bbMontserrat||||||||\u00bb header_font_size=\u00bb50px\u00bb header_line_height=\u00bb1.3em\u00bb header_2_font=\u00bb||||||||\u00bb max_width=\u00bb600px\u00bb custom_margin=\u00bb|||\u00bb custom_margin_tablet=\u00bb0px|50px||50px\u00bb custom_margin_phone=\u00bb|20px||\u00bb custom_margin_last_edited=\u00bboff|desktop\u00bb custom_padding=\u00bb|||\u00bb text_line_height_tablet=\u00bb1.8em\u00bb text_line_height_phone=\u00bb1.8em\u00bb text_line_height_last_edited=\u00bbon|phone\u00bb header_font_size_tablet=\u00bb\u00bb header_font_size_phone=\u00bb36px\u00bb header_font_size_last_edited=\u00bbon|phone\u00bb header_2_font_size_phone=\u00bb30px\u00bb header_2_font_size_last_edited=\u00bboff|desktop\u00bb locked=\u00bboff\u00bb global_colors_info=\u00bb{}\u00bb]<\/p>\n<h1>Especialidades<\/h1>\n<p>[\/et_pb_text][et_pb_text _builder_version=\u00bb4.23.2&#8243; text_font=\u00bbMontserrat|300|||||||\u00bb text_font_size=\u00bb16px\u00bb text_line_height=\u00bb2em\u00bb link_font=\u00bb||||||||\u00bb ul_font=\u00bb||||||||\u00bb ol_font=\u00bb||||||||\u00bb quote_font=\u00bb||||||||\u00bb header_font=\u00bb||||||||\u00bb header_2_font=\u00bbMontserrat|300|||||||\u00bb header_2_text_color=\u00bb#212d3b\u00bb header_2_font_size=\u00bb40px\u00bb header_2_line_height=\u00bb1.5em\u00bb max_width=\u00bb600px\u00bb custom_margin=\u00bb||10px|\u00bb custom_margin_tablet=\u00bb0px|50px||50px\u00bb custom_margin_last_edited=\u00bboff|desktop\u00bb custom_padding=\u00bb|||\u00bb locked=\u00bboff\u00bb global_colors_info=\u00bb{}\u00bb]<\/p>\n<p style=\"text-align: justify;\">En Hospital Cl\u00ednica Alpha, contamos con gran variedad de especialidades m\u00e9dicas y afines, con el fin de ofrecerle una atenci\u00f3n integral y de excelencia. Todos nuestros especialistas son expertos en su \u00e1rea y est\u00e1n dispuesto a ayudarle cuando usted o los suyos lo necesiten.<\/p>\n<p>[\/et_pb_text][\/et_pb_column][et_pb_column type=\u00bb1_2&#8243; _builder_version=\u00bb4.16&#8243; custom_padding=\u00bb|||\u00bb global_colors_info=\u00bb{}\u00bb custom_padding__hover=\u00bb|||\u00bb][et_pb_image src=\u00bbhttps:\/\/alpha.stagecr.com\/wp-content\/uploads\/2024\/01\/equipo-medico-exitoso-scaled.jpg\u00bb title_text=\u00bbSuccessful medical team\u00bb force_fullwidth=\u00bbon\u00bb align_tablet=\u00bbcenter\u00bb align_phone=\u00bbcenter\u00bb align_last_edited=\u00bbon|desktop\u00bb _builder_version=\u00bb4.23.2&#8243; custom_margin=\u00bb|||\u00bb custom_padding=\u00bb|||\u00bb animation_style=\u00bbslide\u00bb animation_direction=\u00bbtop\u00bb animation_intensity_slide=\u00bb5%\u00bb border_radii=\u00bb|20vw|||30px\u00bb border_color_all=\u00bb#0ee1f4&#8243; border_width_left=\u00bb2vw\u00bb border_color_left=\u00bb#ed4f0e\u00bb box_shadow_style=\u00bbpreset4&#8243; box_shadow_horizontal=\u00bb-30px\u00bb box_shadow_vertical=\u00bb0px\u00bb box_shadow_color=\u00bb#1c4d7b\u00bb global_colors_info=\u00bb{}\u00bb][\/et_pb_image][\/et_pb_column][\/et_pb_row][et_pb_row _builder_version=\u00bb4.23.2&#8243; _module_preset=\u00bbdefault\u00bb global_colors_info=\u00bb{}\u00bb][et_pb_column type=\u00bb4_4&#8243; _builder_version=\u00bb4.23.2&#8243; _module_preset=\u00bbdefault\u00bb global_colors_info=\u00bb{}\u00bb][et_pb_accordion open_toggle_background_color=\u00bb#FFFFFF\u00bb closed_toggle_background_color=\u00bb#ffffff\u00bb toggle_icon=\u00bb&#xe050;||divi||400&#8243; icon_color=\u00bb#ed4f0e\u00bb use_icon_font_size=\u00bbon\u00bb icon_font_size=\u00bb23px\u00bb _builder_version=\u00bb4.23.2&#8243; _module_preset=\u00bbdefault\u00bb hover_enabled=\u00bb0&#8243; border_width_all=\u00bb0px\u00bb border_width_bottom=\u00bb1px\u00bb global_colors_info=\u00bb{}\u00bb sticky_enabled=\u00bb0&#8243;][et_pb_accordion_item title=\u00bbHidden\u00bb open=\u00bbon\u00bb open_toggle_text_color=\u00bb#ed4f0e\u00bb closed_toggle_text_color=\u00bb#1c4d7b\u00bb closed_toggle_background_color=\u00bb#ffffff\u00bb icon_color=\u00bb#ed4f0e\u00bb toggle_icon=\u00bb&#xe050;||divi||400&#8243; use_icon_font_size=\u00bbon\u00bb icon_font_size=\u00bb26px\u00bb _builder_version=\u00bb4.23.2&#8243; _module_preset=\u00bbdefault\u00bb body_font=\u00bb|300|||||||\u00bb body_text_align=\u00bbcenter\u00bb background_enable_image=\u00bboff\u00bb background_size=\u00bbcustom\u00bb background_image_width=\u00bb10%\u00bb background_image_height=\u00bb0%\u00bb background_position=\u00bbtop_right\u00bb background_horizontal_offset=\u00bb16%\u00bb background_vertical_offset=\u00bb6%\u00bb background_blend=\u00bbmultiply\u00bb custom_css_before=\u00bbcontent:%22%22;||background-image:url(%22https:\/\/i.ibb.co\/kD7VyFP\/zelle.png%22);||display: inline-block;||height: 32px;||width: 32px;||background-size: 32px 32px;||position: relative;||top: 5px;||margin-right: 10px;||\u00bb custom_css_main_element=\u00bbdisplay: none;\u00bb custom_css_toggle_title=\u00bbdisplay: inline-block;\u00bb custom_css_toggle_icon=\u00bbtext-align: right;\u00bb global_colors_info=\u00bb{}\u00bb toggle_font=\u00bb|600|||||||\u00bb toggle_font_size=\u00bb24px\u00bb closed_toggle_font=\u00bb|600|||||||\u00bb]<\/p>\n<p style=\"text-align: justify;\"><span><strong>DR. JOS\u00c9 ZAMORA , <\/strong><\/span><span><strong>DR. DAMI\u00c1N HERN\u00c1NDEZ HERRERA.<\/strong><\/span><\/p>\n<p style=\"text-align: justify;\"><span> Descubra la excelencia en el cuidado quir\u00fargico con nuestro servicio de cirug\u00eda general. Nuestro experimentado equipo de cirujanos generales est\u00e1 dedicado a proporcionar procedimientos seguros y eficaces para abordar una variedad de condiciones m\u00e9dicas .<\/span><\/p>\n<p>[\/et_pb_accordion_item][et_pb_accordion_item title=\u00bbAudiolog\u00eda\u00bb open_toggle_text_color=\u00bb#ed4f0e\u00bb closed_toggle_text_color=\u00bb#1c4d7b\u00bb closed_toggle_background_color=\u00bb#ffffff\u00bb icon_color=\u00bb#ed4f0e\u00bb toggle_icon=\u00bb&#x50;||divi||400&#8243; use_icon_font_size=\u00bbon\u00bb icon_font_size=\u00bb26px\u00bb _builder_version=\u00bb4.23.2&#8243; _module_preset=\u00bbdefault\u00bb body_font=\u00bb|300|||||||\u00bb body_text_align=\u00bbcenter\u00bb background_enable_image=\u00bboff\u00bb background_size=\u00bbcustom\u00bb background_image_width=\u00bb10%\u00bb background_image_height=\u00bb0%\u00bb background_position=\u00bbtop_right\u00bb background_horizontal_offset=\u00bb16%\u00bb background_vertical_offset=\u00bb6%\u00bb background_blend=\u00bbmultiply\u00bb custom_css_before=\u00bbcontent:%22%22;||background-image:url(%22https:\/\/i.ibb.co\/N2DGyZr\/AUDIOLOGI-A.png%22);||display: inline-block;||height: 32px;||width: 32px;||background-size: 32px 32px;||position: absolute;||top: 15px;||left: -5px;||margin-right: 10px;||\u00bb custom_css_toggle_title=\u00bbleft: 10px\u00bb custom_css_toggle_icon=\u00bbtext-align: right;\u00bb global_colors_info=\u00bb{}\u00bb toggle_font=\u00bb|600|||||||\u00bb toggle_font_size=\u00bb24px\u00bb closed_toggle_font=\u00bb|600|||||||\u00bb open=\u00bboff\u00bb]<\/p>\n<p style=\"text-align: justify;\"><strong>DRA. VER\u00d3NICA ARIAS<\/strong><\/p>\n<p style=\"text-align: justify;\"><span>Nos dedicamos a la salud de su audici\u00f3n con un enfoque experto y compasivo. Nuestro equipo de audi\u00f3logos altamente capacitados est\u00e1 comprometido con la evaluaci\u00f3n, diagn\u00f3stico y tratamiento de problemas auditivos para mejorar su calidad de vida.<\/span><\/p>\n<p>[\/et_pb_accordion_item][et_pb_accordion_item title=\u00bbCardiolog\u00eda\u00bb open_toggle_text_color=\u00bb#ed4f0e\u00bb closed_toggle_text_color=\u00bb#1c4d7b\u00bb closed_toggle_background_color=\u00bb#ffffff\u00bb icon_color=\u00bb#ed4f0e\u00bb toggle_icon=\u00bb&#x50;||divi||400&#8243; use_icon_font_size=\u00bbon\u00bb icon_font_size=\u00bb26px\u00bb _builder_version=\u00bb4.23.2&#8243; _module_preset=\u00bbdefault\u00bb body_font=\u00bb|300|||||||\u00bb body_text_align=\u00bbcenter\u00bb background_enable_image=\u00bboff\u00bb background_size=\u00bbcustom\u00bb background_image_width=\u00bb10%\u00bb background_image_height=\u00bb0%\u00bb background_position=\u00bbtop_right\u00bb background_horizontal_offset=\u00bb16%\u00bb background_vertical_offset=\u00bb6%\u00bb background_blend=\u00bbmultiply\u00bb custom_css_before=\u00bbcontent:%22%22;||background-image:url(%22https:\/\/i.ibb.co\/vXXLrQ3\/CARDIOLOGI-A.png%22);||display: inline-block;||height: 32px;||width: 32px;||background-size: 32px 32px;||position: absolute;||top: 15px;||left: -5px;||margin-right: 10px;||\u00bb custom_css_toggle_title=\u00bbleft: 10px\u00bb custom_css_toggle_icon=\u00bbtext-align: right;||right: 15px;\u00bb global_colors_info=\u00bb{}\u00bb toggle_font=\u00bb|600|||||||\u00bb toggle_font_size=\u00bb24px\u00bb closed_toggle_font=\u00bb|600|||||||\u00bb open=\u00bboff\u00bb]<\/p>\n<p style=\"text-align: justify;\"><strong>DR. ESTEBAN SOTO<\/strong><\/p>\n<p style=\"text-align: justify;\"><span>Descubra nuestro compromiso con la salud cardiovascular. En nuestra cl\u00ednica, contamos con un equipo de cardi\u00f3logos altamente capacitados y apasionados por brindar atenci\u00f3n integral a su coraz\u00f3n.<\/span><\/p>\n<p>[\/et_pb_accordion_item][et_pb_accordion_item title=\u00bbCirug\u00eda General\u00bb open_toggle_text_color=\u00bb#ed4f0e\u00bb closed_toggle_text_color=\u00bb#1c4d7b\u00bb closed_toggle_background_color=\u00bb#ffffff\u00bb icon_color=\u00bb#ed4f0e\u00bb toggle_icon=\u00bb&#x50;||divi||400&#8243; use_icon_font_size=\u00bbon\u00bb icon_font_size=\u00bb26px\u00bb _builder_version=\u00bb4.23.2&#8243; _module_preset=\u00bbdefault\u00bb body_font=\u00bb|300|||||||\u00bb body_text_align=\u00bbcenter\u00bb background_enable_image=\u00bboff\u00bb background_size=\u00bbcustom\u00bb background_image_width=\u00bb10%\u00bb background_image_height=\u00bb0%\u00bb background_position=\u00bbtop_right\u00bb background_horizontal_offset=\u00bb16%\u00bb background_vertical_offset=\u00bb6%\u00bb background_blend=\u00bbmultiply\u00bb link_option_url_new_window=\u00bbon\u00bb custom_css_before=\u00bbcontent:%22%22;||background-image:url(%22https:\/\/i.ibb.co\/KwBxXdd\/CIRUGI-A-GENERAL.png%22);||display: inline-block;||height: 32px;||width: 32px;||background-size: 32px 32px;||position: absolute;||top: 15px;||left: -5px;||margin-right: 10px;||\u00bb custom_css_toggle_title=\u00bbleft: 10px\u00bb custom_css_toggle_icon=\u00bbtext-align: right;\u00bb global_colors_info=\u00bb{}\u00bb toggle_font=\u00bb|600|||||||\u00bb toggle_font_size=\u00bb24px\u00bb closed_toggle_font=\u00bb|600|||||||\u00bb open=\u00bboff\u00bb]<\/p>\n<p style=\"text-align: justify;\"><span><strong>DR. DAMI\u00c1N HERN\u00c1NDEZ HERRERA.<\/strong><\/span><\/p>\n<p style=\"text-align: justify;\"><span><strong>DR. JOS\u00c9 ZAMORA <\/strong><\/span><\/p>\n<p style=\"text-align: justify;\"><span> Descubra la excelencia en el cuidado quir\u00fargico con nuestro servicio de cirug\u00eda general. Nuestro experimentado equipo de cirujanos generales est\u00e1 dedicado a proporcionar procedimientos seguros y eficaces para abordar una variedad de condiciones m\u00e9dicas .<\/span><\/p>\n<p>[\/et_pb_accordion_item][et_pb_accordion_item title=\u00bbDermatolog\u00eda\u00bb open_toggle_text_color=\u00bb#ed4f0e\u00bb closed_toggle_text_color=\u00bb#1c4d7b\u00bb closed_toggle_background_color=\u00bb#ffffff\u00bb icon_color=\u00bb#ed4f0e\u00bb toggle_icon=\u00bb&#x50;||divi||400&#8243; use_icon_font_size=\u00bbon\u00bb icon_font_size=\u00bb26px\u00bb _builder_version=\u00bb4.23.2&#8243; _module_preset=\u00bbdefault\u00bb body_font=\u00bb|300|||||||\u00bb body_text_align=\u00bbcenter\u00bb background_enable_image=\u00bboff\u00bb background_size=\u00bbcustom\u00bb background_image_width=\u00bb10%\u00bb background_image_height=\u00bb0%\u00bb background_position=\u00bbtop_right\u00bb background_horizontal_offset=\u00bb16%\u00bb background_vertical_offset=\u00bb6%\u00bb background_blend=\u00bbmultiply\u00bb custom_css_before=\u00bbcontent:%22%22;||background-image:url(%22https:\/\/i.ibb.co\/37tV3Xk\/MEDICINA-DEL-DEPORTE.png%22);||display: inline-block;||height: 32px;||width: 32px;||background-size: 32px 32px;||position: absolute;||top: 15px;||left: -5px;||margin-right: 10px;||\u00bb custom_css_toggle_title=\u00bbleft: 10px\u00bb custom_css_toggle_icon=\u00bbtext-align: right;\u00bb global_colors_info=\u00bb{}\u00bb toggle_font=\u00bb|600|||||||\u00bb toggle_font_size=\u00bb24px\u00bb closed_toggle_font=\u00bb|600|||||||\u00bb open=\u00bboff\u00bb]<\/p>\n<p style=\"text-align: justify;\"><strong>DRA. REBECA OBANDO<\/strong><\/p>\n<p style=\"text-align: justify;\"><span>En la especialidad de Dermatolog\u00eda nos dedicamos a cuidar la salud y apariencia de su piel con profesionalismo y dedicaci\u00f3n. Nuestro equipo de dermat\u00f3logos altamente especializados est\u00e1 comprometido con brindar soluciones integrales para una variedad de condiciones dermatol\u00f3gicas.<\/span><\/p>\n<p>[\/et_pb_accordion_item][et_pb_accordion_item title=\u00bbGinecolog\u00eda\u00bb open_toggle_text_color=\u00bb#ed4f0e\u00bb closed_toggle_text_color=\u00bb#1c4d7b\u00bb closed_toggle_background_color=\u00bb#ffffff\u00bb icon_color=\u00bb#ed4f0e\u00bb toggle_icon=\u00bb&#x50;||divi||400&#8243; use_icon_font_size=\u00bbon\u00bb icon_font_size=\u00bb26px\u00bb _builder_version=\u00bb4.23.2&#8243; _module_preset=\u00bbdefault\u00bb body_font=\u00bb|300|||||||\u00bb body_text_align=\u00bbcenter\u00bb background_enable_image=\u00bboff\u00bb background_size=\u00bbcustom\u00bb background_image_width=\u00bb10%\u00bb background_image_height=\u00bb0%\u00bb background_position=\u00bbtop_right\u00bb background_horizontal_offset=\u00bb16%\u00bb background_vertical_offset=\u00bb6%\u00bb background_blend=\u00bbmultiply\u00bb custom_css_before=\u00bbcontent:%22%22;||background-image:url(%22https:\/\/i.ibb.co\/smQWGJt\/GINECOLOGI-A.png%22);||display: inline-block;||height: 32px;||width: 32px;||background-size: 32px 32px;||position: absolute;||top: 15px;||left: -5px;||margin-right: 10px;||\u00bb custom_css_toggle_title=\u00bbleft: 10px\u00bb custom_css_toggle_icon=\u00bbtext-align: right;\u00bb global_colors_info=\u00bb{}\u00bb toggle_font=\u00bb|600|||||||\u00bb toggle_font_size=\u00bb24px\u00bb closed_toggle_font=\u00bb|600|||||||\u00bb open=\u00bboff\u00bb]<\/p>\n<p style=\"text-align: justify;\"><strong>DRA. ANDREA L\u00d3PEZ<\/strong><\/p>\n<p style=\"text-align: justify;\"><strong>DRA. ADRIANA ARIAS<\/strong><\/p>\n<p style=\"text-align: justify;\"><span>En el Hospital Cl\u00ednica Alpha nos preocupamos por la salud y el bienestar integral de las mujeres. Nos dedicamos a cuidar de su salud femenina con comprensi\u00f3n y experiencia. Conf\u00ede en nosotros para proporcionarle atenci\u00f3n ginecol\u00f3gica centrada en sus necesidades individuales.<\/span><\/p>\n<p>[\/et_pb_accordion_item][et_pb_accordion_item title=\u00bbGeriatr\u00eda\u00bb open_toggle_text_color=\u00bb#ed4f0e\u00bb closed_toggle_text_color=\u00bb#1c4d7b\u00bb closed_toggle_background_color=\u00bb#ffffff\u00bb icon_color=\u00bb#ed4f0e\u00bb toggle_icon=\u00bb&#x50;||divi||400&#8243; use_icon_font_size=\u00bbon\u00bb icon_font_size=\u00bb26px\u00bb _builder_version=\u00bb4.23.2&#8243; _module_preset=\u00bbdefault\u00bb body_font=\u00bb|300|||||||\u00bb body_text_align=\u00bbcenter\u00bb background_enable_image=\u00bboff\u00bb background_size=\u00bbcustom\u00bb background_image_width=\u00bb10%\u00bb background_image_height=\u00bb0%\u00bb background_position=\u00bbtop_right\u00bb background_horizontal_offset=\u00bb16%\u00bb background_vertical_offset=\u00bb6%\u00bb background_blend=\u00bbmultiply\u00bb custom_css_before=\u00bbcontent:%22%22;||background-image:url(%22https:\/\/i.ibb.co\/QnbRMj5\/Geriatr-i-a.png%22);||display: inline-block;||height: 32px;||width: 32px;||background-size: 32px 32px;||position: absolute;||top: 15px;||left: -5px;||margin-right: 10px;||\u00bb custom_css_toggle_title=\u00bbleft: 10px\u00bb custom_css_toggle_icon=\u00bbtext-align: right;\u00bb global_colors_info=\u00bb{}\u00bb toggle_font=\u00bb|600|||||||\u00bb toggle_font_size=\u00bb24px\u00bb closed_toggle_font=\u00bb|600|||||||\u00bb open=\u00bboff\u00bb]<\/p>\n<p style=\"text-align: justify;\"><strong>DRA. MELISSA SOTO MENA<\/strong><\/p>\n<p style=\"text-align: justify;\"><span>En el Hospital Cl\u00ednica Alpha entendemos lo importante que es para ti el bienestar y la comodidad de tus seres queridos mayores. Es por eso que nos enorgullece ofrecer servicios de geriatr\u00eda de alta calidad y personalizados para atender todas sus necesidades.<\/span><\/p>\n<p>[\/et_pb_accordion_item][et_pb_accordion_item title=\u00bbMedicina del deporte\u00bb open_toggle_text_color=\u00bb#ed4f0e\u00bb closed_toggle_text_color=\u00bb#1c4d7b\u00bb closed_toggle_background_color=\u00bb#ffffff\u00bb icon_color=\u00bb#ed4f0e\u00bb toggle_icon=\u00bb&#x50;||divi||400&#8243; use_icon_font_size=\u00bbon\u00bb icon_font_size=\u00bb26px\u00bb _builder_version=\u00bb4.23.2&#8243; _module_preset=\u00bbdefault\u00bb body_font=\u00bb|300|||||||\u00bb body_text_align=\u00bbcenter\u00bb background_enable_image=\u00bboff\u00bb background_size=\u00bbcustom\u00bb background_image_width=\u00bb10%\u00bb background_image_height=\u00bb0%\u00bb background_position=\u00bbtop_right\u00bb background_horizontal_offset=\u00bb16%\u00bb background_vertical_offset=\u00bb6%\u00bb background_blend=\u00bbmultiply\u00bb custom_css_before=\u00bbcontent:%22%22;||background-image:url(%22https:\/\/i.ibb.co\/3NmhkPC\/MEDICINA-DEL-DEPORTE.png%22);||display: inline-block;||height: 32px;||width: 32px;||background-size: 32px 32px;||position: absolute;||top: 15px;||left: -5px;||margin-right: 10px;||\u00bb custom_css_toggle_title=\u00bbleft: 10px\u00bb custom_css_toggle_icon=\u00bbtext-align: right;\u00bb global_colors_info=\u00bb{}\u00bb toggle_font=\u00bb|600|||||||\u00bb toggle_font_size=\u00bb24px\u00bb closed_toggle_font=\u00bb|600|||||||\u00bb open=\u00bboff\u00bb]<\/p>\n<p style=\"text-align: justify;\"><strong>DR. ALFREDO G\u00d3MEZ<\/strong><\/p>\n<p style=\"text-align: justify;\"><span>Nuestro equipo de m\u00e9dicos del deporte est\u00e1 comprometido con proporcionar cuidados especializados que integren la medicina y el ejercicio. Nos dedicamos a optimizar el rendimiento y promover la salud de los atletas y entusiastas, entendemos la importancia del deporte en su vida y nos esforzamos por ser su aliado en el camino hacia el rendimiento \u00f3ptimo y la salud sostenible.<\/span><\/p>\n<p>[\/et_pb_accordion_item][et_pb_accordion_item title=\u00bbMedicina Interna\u00bb open_toggle_text_color=\u00bb#ed4f0e\u00bb closed_toggle_text_color=\u00bb#1c4d7b\u00bb closed_toggle_background_color=\u00bb#ffffff\u00bb icon_color=\u00bb#ed4f0e\u00bb toggle_icon=\u00bb&#x50;||divi||400&#8243; use_icon_font_size=\u00bbon\u00bb icon_font_size=\u00bb26px\u00bb _builder_version=\u00bb4.23.2&#8243; _module_preset=\u00bbdefault\u00bb body_font=\u00bb|300|||||||\u00bb body_text_align=\u00bbcenter\u00bb background_enable_image=\u00bboff\u00bb background_size=\u00bbcustom\u00bb background_image_width=\u00bb10%\u00bb background_image_height=\u00bb0%\u00bb background_position=\u00bbtop_right\u00bb background_horizontal_offset=\u00bb16%\u00bb background_vertical_offset=\u00bb6%\u00bb background_blend=\u00bbmultiply\u00bb custom_css_before=\u00bbcontent:%22%22;||background-image:url(%22https:\/\/i.ibb.co\/KzgdhXG\/MEDICINA-INTERNA.png%22);||display: inline-block;||height: 32px;||width: 32px;||background-size: 32px 32px;||position: absolute;||top: 15px;||left: -5px;||margin-right: 10px;||\u00bb custom_css_toggle_title=\u00bbleft: 10px\u00bb custom_css_toggle_icon=\u00bbtext-align: right;\u00bb global_colors_info=\u00bb{}\u00bb toggle_font=\u00bb|600|||||||\u00bb toggle_font_size=\u00bb24px\u00bb closed_toggle_font=\u00bb|600|||||||\u00bb open=\u00bboff\u00bb]<\/p>\n<p style=\"text-align: justify;\"><strong>DR. EDUARDO FIEDLER\u00a0<\/strong><\/p>\n<p style=\"text-align: justify;\"><strong>DR. LUIS SOTO<\/strong><\/p>\n<p style=\"text-align: justify;\"><span>Nuestros m\u00e9dicos internistas se centran en la salud general del paciente, coordinando la atenci\u00f3n de diversas condiciones m\u00e9dicas y proporcionando una visi\u00f3n hol\u00edstica de su bienestar.<\/span><\/p>\n<p>[\/et_pb_accordion_item][et_pb_accordion_item title=\u00bbNeumolog\u00eda\u00bb open_toggle_text_color=\u00bb#ed4f0e\u00bb closed_toggle_text_color=\u00bb#1c4d7b\u00bb closed_toggle_background_color=\u00bb#ffffff\u00bb icon_color=\u00bb#ed4f0e\u00bb toggle_icon=\u00bb&#x50;||divi||400&#8243; use_icon_font_size=\u00bbon\u00bb icon_font_size=\u00bb26px\u00bb _builder_version=\u00bb4.23.2&#8243; _module_preset=\u00bbdefault\u00bb body_font=\u00bb|300|||||||\u00bb body_text_align=\u00bbcenter\u00bb background_enable_image=\u00bboff\u00bb background_size=\u00bbcustom\u00bb background_image_width=\u00bb10%\u00bb background_image_height=\u00bb0%\u00bb background_position=\u00bbtop_right\u00bb background_horizontal_offset=\u00bb16%\u00bb background_vertical_offset=\u00bb6%\u00bb background_blend=\u00bbmultiply\u00bb custom_css_before=\u00bbcontent:%22%22;||background-image:url(%22https:\/\/i.ibb.co\/nsw4FHf\/NEUMOLOGI-A.png%22);||display: inline-block;||height: 32px;||width: 32px;||background-size: 32px 32px;||position: absolute;||top: 15px;||left: -5px;||margin-right: 10px;||\u00bb custom_css_toggle_title=\u00bbleft: 10px\u00bb custom_css_toggle_icon=\u00bbtext-align: right;\u00bb global_colors_info=\u00bb{}\u00bb toggle_font=\u00bb|600|||||||\u00bb toggle_font_size=\u00bb24px\u00bb closed_toggle_font=\u00bb|600|||||||\u00bb open=\u00bboff\u00bb]<\/p>\n<p style=\"text-align: justify;\"><strong>DRA. ILEANA BOLA\u00d1OS<\/strong><\/p>\n<p style=\"text-align: justify;\"><span>Utilizamos tecnolog\u00eda de vanguardia para diagnosticar y tratar condiciones pulmonares. Realizamos pruebas de funci\u00f3n pulmonar y evaluaciones exhaustivas para garantizar un diagn\u00f3stico preciso.<\/span><\/p>\n<p>[\/et_pb_accordion_item][et_pb_accordion_item title=\u00bbNeurolog\u00eda\u00bb open_toggle_text_color=\u00bb#ed4f0e\u00bb closed_toggle_text_color=\u00bb#1c4d7b\u00bb closed_toggle_background_color=\u00bb#ffffff\u00bb icon_color=\u00bb#ed4f0e\u00bb toggle_icon=\u00bb&#x50;||divi||400&#8243; use_icon_font_size=\u00bbon\u00bb icon_font_size=\u00bb26px\u00bb _builder_version=\u00bb4.23.2&#8243; _module_preset=\u00bbdefault\u00bb body_font=\u00bb|300|||||||\u00bb body_text_align=\u00bbcenter\u00bb background_enable_image=\u00bboff\u00bb background_size=\u00bbcustom\u00bb background_image_width=\u00bb10%\u00bb background_image_height=\u00bb0%\u00bb background_position=\u00bbtop_right\u00bb background_horizontal_offset=\u00bb16%\u00bb background_vertical_offset=\u00bb6%\u00bb background_blend=\u00bbmultiply\u00bb custom_css_before=\u00bbcontent:%22%22;||background-image:url(%22https:\/\/i.ibb.co\/tmFjmSW\/NEUROLOGI-A.png%22);||display: inline-block;||height: 32px;||width: 32px;||background-size: 32px 32px;||position: absolute;||top: 15px;||left: -5px;||margin-right: 10px;||\u00bb custom_css_toggle_title=\u00bbleft: 10px\u00bb custom_css_toggle_icon=\u00bbtext-align: right;\u00bb global_colors_info=\u00bb{}\u00bb toggle_font=\u00bb|600|||||||\u00bb toggle_font_size=\u00bb24px\u00bb closed_toggle_font=\u00bb|600|||||||\u00bb open=\u00bboff\u00bb]<\/p>\n<p style=\"text-align: justify;\"><strong>DRA. PRISCILLA MONTEREY<\/strong><\/p>\n<p style=\"text-align: justify;\"><span>Nuestro equipo de neurolog\u00eda est\u00e1 formado por expertos altamente capacitados que se especializan en el diagn\u00f3stico y tratamiento de una amplia gama de trastornos neurol\u00f3gicos.<\/span><\/p>\n<p>[\/et_pb_accordion_item][et_pb_accordion_item title=\u00bbNutrici\u00f3n\u00bb open_toggle_text_color=\u00bb#ed4f0e\u00bb closed_toggle_text_color=\u00bb#1c4d7b\u00bb closed_toggle_background_color=\u00bb#ffffff\u00bb icon_color=\u00bb#ed4f0e\u00bb toggle_icon=\u00bb&#x50;||divi||400&#8243; use_icon_font_size=\u00bbon\u00bb icon_font_size=\u00bb26px\u00bb _builder_version=\u00bb4.23.2&#8243; _module_preset=\u00bbdefault\u00bb body_font=\u00bb|300|||||||\u00bb body_text_align=\u00bbcenter\u00bb background_enable_image=\u00bboff\u00bb background_size=\u00bbcustom\u00bb background_image_width=\u00bb10%\u00bb background_image_height=\u00bb0%\u00bb background_position=\u00bbtop_right\u00bb background_horizontal_offset=\u00bb16%\u00bb background_vertical_offset=\u00bb6%\u00bb background_blend=\u00bbmultiply\u00bb custom_css_before=\u00bbcontent:%22%22;||background-image:url(%22https:\/\/i.ibb.co\/0J0VTdC\/NUTRICIO-N.png%22);||display: inline-block;||height: 32px;||width: 32px;||background-size: 32px 32px;||position: absolute;||top: 15px;||left: -5px;||margin-right: 10px;||\u00bb custom_css_toggle_title=\u00bbleft: 10px\u00bb custom_css_toggle_icon=\u00bbtext-align: right;\u00bb global_colors_info=\u00bb{}\u00bb toggle_font=\u00bb|600|||||||\u00bb toggle_font_size=\u00bb24px\u00bb closed_toggle_font=\u00bb|600|||||||\u00bb open=\u00bboff\u00bb]<\/p>\n<p style=\"text-align: justify;\"><strong>DRA. MELISSA MURILLO<\/strong><\/p>\n<p style=\"text-align: justify;\"><span>Entendemos que la nutrici\u00f3n es fundamental para la salud y el bienestar. Realizamos evaluaciones detalladas para comprender sus necesidades individuales, h\u00e1bitos alimenticios y metas de salud. Nos esforzamos por empoderar a nuestros pacientes mediante la educaci\u00f3n, proporcionando informaci\u00f3n sobre h\u00e1bitos alimenticios saludables y fomentando la toma de decisiones informadas para un estilo de vida nutricionalmente equilibrado.<\/span><\/p>\n<p>[\/et_pb_accordion_item][et_pb_accordion_item title=\u00bbOdontolog\u00eda\u00bb open_toggle_text_color=\u00bb#ed4f0e\u00bb closed_toggle_text_color=\u00bb#1c4d7b\u00bb closed_toggle_background_color=\u00bb#ffffff\u00bb icon_color=\u00bb#ed4f0e\u00bb toggle_icon=\u00bb&#x50;||divi||400&#8243; use_icon_font_size=\u00bbon\u00bb icon_font_size=\u00bb26px\u00bb _builder_version=\u00bb4.23.2&#8243; _module_preset=\u00bbdefault\u00bb body_font=\u00bb|300|||||||\u00bb body_text_align=\u00bbcenter\u00bb background_enable_image=\u00bboff\u00bb background_size=\u00bbcustom\u00bb background_image_width=\u00bb10%\u00bb background_image_height=\u00bb0%\u00bb background_position=\u00bbtop_right\u00bb background_horizontal_offset=\u00bb16%\u00bb background_vertical_offset=\u00bb6%\u00bb background_blend=\u00bbmultiply\u00bb custom_css_before=\u00bbcontent:%22%22;||background-image:url(%22https:\/\/i.ibb.co\/RDJJNYn\/ODONTOLOGI-A.png%22);||display: inline-block;||height: 32px;||width: 32px;||background-size: 32px 32px;||position: absolute;||top: 15px;||left: -5px;||margin-right: 10px;||\u00bb custom_css_toggle_title=\u00bbleft: 10px\u00bb custom_css_toggle_icon=\u00bbtext-align: right;\u00bb global_colors_info=\u00bb{}\u00bb toggle_font=\u00bb|600|||||||\u00bb toggle_font_size=\u00bb24px\u00bb closed_toggle_font=\u00bb|600|||||||\u00bb open=\u00bboff\u00bb]<\/p>\n<p style=\"text-align: justify;\"><strong>ODONTOLOG\u00cdA GENERAL<\/strong><br \/>DRA. STEPHANY RAM\u00cdREZ <br \/>DR. ELIDIO ESTEBAN DELGADO<\/p>\n<p style=\"text-align: justify;\"><strong>PROSTODONCIA<\/strong><br \/>DRA. STEPHANY RAM\u00cdREZ<\/p>\n<p style=\"text-align: justify;\"><strong>ORTODONCIA<\/strong><br \/>DRA. ALICIA GABRIELA SERNA<\/p>\n<p style=\"text-align: justify;\"><strong>PERIODONCIA<\/strong><br \/>DRA. SILVIA MAR\u00cdA RIVERA<\/p>\n<p style=\"text-align: justify;\"><strong>ENDODONCIA<\/strong><br \/>DR. WILLIE JOS\u00c9 JAIKEL<\/p>\n<p style=\"text-align: justify;\"><strong>ODONTOPEDIATR\u00cdA<\/strong><br \/>DRA. PAULA LEDEZMA<\/p>\n<p style=\"text-align: justify;\"><strong>IMPLANTOLOG\u00cdA<\/strong><br \/>DR. DASHIEL CARR<\/p>\n<p style=\"text-align: justify;\"><strong>CIRUG\u00cdA ORAL Y MAXILOFACIAL<\/strong><br \/>DRA. ERICKA MAR\u00cdA S\u00c1NCHEZ <br \/>DR. DANIEL FERN\u00c1NDEZ<\/p>\n<p style=\"text-align: justify;\"><strong>PATOLOG\u00cdA Y MEDICINA ORAL<\/strong><br \/>DR. ROBERTO GERB<\/p>\n<p style=\"text-align: justify;\"><span>En Hospital Cl\u00ednica Alpha, entendemos que su sonrisa es \u00fanica y personal. Nuestro equipo est\u00e1 comprometido con ofrecer soluciones personalizadas para todas sus necesidades dentales. Enfocamos nuestros esfuerzos en la prevenci\u00f3n, cuando se requiere restauraci\u00f3n dental, proporcionamos soluciones avanzadas.<\/span><\/p>\n<p>[\/et_pb_accordion_item][et_pb_accordion_item title=\u00bbOrtopedia\u00bb open_toggle_text_color=\u00bb#ed4f0e\u00bb closed_toggle_text_color=\u00bb#1c4d7b\u00bb closed_toggle_background_color=\u00bb#ffffff\u00bb icon_color=\u00bb#ed4f0e\u00bb toggle_icon=\u00bb&#x50;||divi||400&#8243; use_icon_font_size=\u00bbon\u00bb icon_font_size=\u00bb26px\u00bb _builder_version=\u00bb4.23.2&#8243; _module_preset=\u00bbdefault\u00bb body_font=\u00bb|300|||||||\u00bb body_text_align=\u00bbcenter\u00bb background_enable_image=\u00bboff\u00bb background_size=\u00bbcustom\u00bb background_image_width=\u00bb10%\u00bb background_image_height=\u00bb0%\u00bb background_position=\u00bbtop_right\u00bb background_horizontal_offset=\u00bb16%\u00bb background_vertical_offset=\u00bb6%\u00bb background_blend=\u00bbmultiply\u00bb hover_enabled=\u00bb0&#8243; custom_css_before=\u00bbcontent:%22%22;||background-image:url(%22https:\/\/i.ibb.co\/3NmhkPC\/MEDICINA-DEL-DEPORTE.png%22);||display: inline-block;||height: 32px;||width: 32px;||background-size: 32px 32px;||position: absolute;||top: 15px;||left: -5px;||margin-right: 10px;||\u00bb custom_css_toggle_title=\u00bbleft: 10px\u00bb custom_css_toggle_icon=\u00bbtext-align: right;\u00bb global_colors_info=\u00bb{}\u00bb toggle_font=\u00bb|600|||||||\u00bb toggle_font_size=\u00bb24px\u00bb closed_toggle_font=\u00bb|600|||||||\u00bb open=\u00bboff\u00bb sticky_enabled=\u00bb0&#8243;]<\/p>\n<p style=\"text-align: justify;\"><strong>ORTOPEDIA<\/strong><br \/>DR. ALFREDO G\u00d3MEZ CASTRO<\/p>\n<p style=\"text-align: justify;\"><span>Nuestro equipo de expertos en ortopedia est\u00e1 dedicado a proporcionar soluciones personalizadas y de alta calidad para sus necesidades espec\u00edficas. Ya sea que est\u00e9 buscando dispositivos ortop\u00e9dicos, como pr\u00f3tesis, ortesis o ayudas para la movilidad, o necesite servicios de rehabilitaci\u00f3n para recuperarse de una lesi\u00f3n o cirug\u00eda, estamos aqu\u00ed para ayudarlo en cada paso del camino.<\/span><\/p>\n<p>[\/et_pb_accordion_item][et_pb_accordion_item title=\u00bbPediatr\u00eda\u00bb open_toggle_text_color=\u00bb#ed4f0e\u00bb closed_toggle_text_color=\u00bb#1c4d7b\u00bb closed_toggle_background_color=\u00bb#ffffff\u00bb icon_color=\u00bb#ed4f0e\u00bb toggle_icon=\u00bb&#x50;||divi||400&#8243; use_icon_font_size=\u00bbon\u00bb icon_font_size=\u00bb26px\u00bb _builder_version=\u00bb4.23.2&#8243; _module_preset=\u00bbdefault\u00bb body_font=\u00bb|300|||||||\u00bb body_text_align=\u00bbcenter\u00bb background_enable_image=\u00bboff\u00bb background_size=\u00bbcustom\u00bb background_image_width=\u00bb10%\u00bb background_image_height=\u00bb0%\u00bb background_position=\u00bbtop_right\u00bb background_horizontal_offset=\u00bb16%\u00bb background_vertical_offset=\u00bb6%\u00bb background_blend=\u00bbmultiply\u00bb custom_css_before=\u00bbcontent:%22%22;||background-image:url(%22https:\/\/i.ibb.co\/R3xRpjT\/PEDIATRI-A.png%22);||display: inline-block;||height: 32px;||width: 32px;||background-size: 32px 32px;||position: absolute;||top: 15px;||left: -5px;||margin-right: 10px;||\u00bb custom_css_toggle_title=\u00bbleft: 10px\u00bb custom_css_toggle_icon=\u00bbtext-align: right;\u00bb global_colors_info=\u00bb{}\u00bb toggle_font=\u00bb|600|||||||\u00bb toggle_font_size=\u00bb24px\u00bb closed_toggle_font=\u00bb|600|||||||\u00bb open=\u00bboff\u00bb]<\/p>\n<p style=\"text-align: justify;\"><strong>DRA. JIULLIANA MONTENEGRO<\/strong><\/p>\n<p style=\"text-align: justify;\"><span>En nuestra cl\u00ednica nos dedicamos al cuidado y desarrollo integral de los m\u00e1s peque\u00f1os. Contamos con un equipo de pediatras comprometidos con la salud y el bienestar de sus hijos.<\/span><\/p>\n<p>[\/et_pb_accordion_item][et_pb_accordion_item title=\u00bbPerinatolog\u00eda\u00bb open_toggle_text_color=\u00bb#ed4f0e\u00bb closed_toggle_text_color=\u00bb#1c4d7b\u00bb closed_toggle_background_color=\u00bb#ffffff\u00bb icon_color=\u00bb#ed4f0e\u00bb toggle_icon=\u00bb&#x50;||divi||400&#8243; use_icon_font_size=\u00bbon\u00bb icon_font_size=\u00bb26px\u00bb _builder_version=\u00bb4.23.2&#8243; _module_preset=\u00bbdefault\u00bb body_font=\u00bb|300|||||||\u00bb body_text_align=\u00bbcenter\u00bb background_enable_image=\u00bboff\u00bb background_size=\u00bbcustom\u00bb background_image_width=\u00bb10%\u00bb background_image_height=\u00bb0%\u00bb background_position=\u00bbtop_right\u00bb background_horizontal_offset=\u00bb16%\u00bb background_vertical_offset=\u00bb6%\u00bb background_blend=\u00bbmultiply\u00bb custom_css_before=\u00bbcontent:%22%22;||background-image:url(%22https:\/\/i.ibb.co\/8jwTgVb\/PERINATOLOGI-A.png%22);||display: inline-block;||height: 32px;||width: 32px;||background-size: 32px 32px;||position: absolute;||top: 15px;||left: -5px;||margin-right: 10px;||\u00bb custom_css_toggle_title=\u00bbleft: 10px\u00bb custom_css_toggle_icon=\u00bbtext-align: right;\u00bb global_colors_info=\u00bb{}\u00bb toggle_font=\u00bb|600|||||||\u00bb toggle_font_size=\u00bb24px\u00bb closed_toggle_font=\u00bb|600|||||||\u00bb open=\u00bboff\u00bb]<\/p>\n<p style=\"text-align: justify;\"><strong>DRA. ADRIANA ARIAS<\/strong><\/p>\n<p style=\"text-align: justify;\"><span>Nos especializamos en el cuidado integral de la salud materna y fetal durante el periodo perinatal, comprendemos la importancia cr\u00edtica del periodo perinatal y nos esforzamos por brindar cuidados especializados y compasivos.<\/span><\/p>\n<p>[\/et_pb_accordion_item][et_pb_accordion_item title=\u00bbPsicolog\u00eda\u00bb open_toggle_text_color=\u00bb#ed4f0e\u00bb closed_toggle_text_color=\u00bb#1c4d7b\u00bb closed_toggle_background_color=\u00bb#ffffff\u00bb icon_color=\u00bb#ed4f0e\u00bb toggle_icon=\u00bb&#x50;||divi||400&#8243; use_icon_font_size=\u00bbon\u00bb icon_font_size=\u00bb26px\u00bb _builder_version=\u00bb4.23.2&#8243; _module_preset=\u00bbdefault\u00bb body_font=\u00bb|300|||||||\u00bb body_text_align=\u00bbcenter\u00bb background_enable_image=\u00bboff\u00bb background_size=\u00bbcustom\u00bb background_image_width=\u00bb10%\u00bb background_image_height=\u00bb0%\u00bb background_position=\u00bbtop_right\u00bb background_horizontal_offset=\u00bb16%\u00bb background_vertical_offset=\u00bb6%\u00bb background_blend=\u00bbmultiply\u00bb custom_css_before=\u00bbcontent:%22%22;||background-image:url(%22https:\/\/i.ibb.co\/4Y5T86x\/PSICOLOGI-A.png%22);||display: inline-block;||height: 32px;||width: 32px;||background-size: 32px 32px;||position: absolute;||top: 15px;||left: -5px;||margin-right: 10px;||\u00bb custom_css_toggle_title=\u00bbleft: 10px\u00bb custom_css_toggle_icon=\u00bbtext-align: right;\u00bb global_colors_info=\u00bb{}\u00bb toggle_font=\u00bb|600|||||||\u00bb toggle_font_size=\u00bb24px\u00bb closed_toggle_font=\u00bb|600|||||||\u00bb open=\u00bboff\u00bb]<\/p>\n<p style=\"text-align: justify;\"><strong>DRA. PAMELA MESEN<\/strong><\/p>\n<p style=\"text-align: justify;\"><span>Nuestro equipo de psic\u00f3logos altamente capacitados est\u00e1 comprometido con brindar apoyo integral para ayudarlo a superar desaf\u00edos emocionales y mejorar su calidad de vida. Realizamos evaluaciones psicol\u00f3gicas detalladas para comprender sus necesidades individuales, identificar \u00e1reas de preocupaci\u00f3n y dise\u00f1ar planes de tratamiento personalizados.<\/span><\/p>\n<p>[\/et_pb_accordion_item][et_pb_accordion_item title=\u00bbReumatolog\u00eda\u00bb open_toggle_text_color=\u00bb#ed4f0e\u00bb closed_toggle_text_color=\u00bb#1c4d7b\u00bb closed_toggle_background_color=\u00bb#ffffff\u00bb icon_color=\u00bb#ed4f0e\u00bb toggle_icon=\u00bb&#x50;||divi||400&#8243; use_icon_font_size=\u00bbon\u00bb icon_font_size=\u00bb26px\u00bb _builder_version=\u00bb4.23.2&#8243; _module_preset=\u00bbdefault\u00bb body_font=\u00bb|300|||||||\u00bb body_text_align=\u00bbcenter\u00bb background_enable_image=\u00bboff\u00bb background_size=\u00bbcustom\u00bb background_image_width=\u00bb10%\u00bb background_image_height=\u00bb0%\u00bb background_position=\u00bbtop_right\u00bb background_horizontal_offset=\u00bb16%\u00bb background_vertical_offset=\u00bb6%\u00bb background_blend=\u00bbmultiply\u00bb custom_css_before=\u00bbcontent:%22%22;||background-image:url(%22https:\/\/i.ibb.co\/CWvbXcS\/REUMATOLOGI-A.png%22);||display: inline-block;||height: 32px;||width: 32px;||background-size: 32px 32px;||position: absolute;||top: 15px;||left: -5px;||margin-right: 10px;||\u00bb custom_css_toggle_title=\u00bbleft: 10px\u00bb custom_css_toggle_icon=\u00bbtext-align: right;\u00bb global_colors_info=\u00bb{}\u00bb toggle_font=\u00bb|600|||||||\u00bb toggle_font_size=\u00bb24px\u00bb closed_toggle_font=\u00bb|600|||||||\u00bb open=\u00bboff\u00bb]<\/p>\n<p style=\"text-align: justify;\"><strong>DR. JAVIER BADILLA<\/strong><\/p>\n<p style=\"text-align: justify;\"><strong>DR. EDUARDO ROMERO<\/strong><\/p>\n<p style=\"text-align: justify;\"><span>Cada paciente es \u00fanico, por lo que desarrollamos planes de tratamiento personalizados, adaptados a las necesidades espec\u00edficas de cada individuo, nos especializamos en el cuidado integral de enfermedades que afectan el sistema musculoesquel\u00e9tico y tejidos conectivos.<\/span><\/p>\n<p>[\/et_pb_accordion_item][et_pb_accordion_item title=\u00bbTerap\u00eda F\u00edsica\u00bb open_toggle_text_color=\u00bb#ed4f0e\u00bb closed_toggle_text_color=\u00bb#1c4d7b\u00bb closed_toggle_background_color=\u00bb#ffffff\u00bb icon_color=\u00bb#ed4f0e\u00bb toggle_icon=\u00bb&#x50;||divi||400&#8243; use_icon_font_size=\u00bbon\u00bb icon_font_size=\u00bb26px\u00bb _builder_version=\u00bb4.23.2&#8243; _module_preset=\u00bbdefault\u00bb body_font=\u00bb|300|||||||\u00bb body_text_align=\u00bbcenter\u00bb background_enable_image=\u00bboff\u00bb background_size=\u00bbcustom\u00bb background_image_width=\u00bb10%\u00bb background_image_height=\u00bb0%\u00bb background_position=\u00bbtop_right\u00bb background_horizontal_offset=\u00bb16%\u00bb background_vertical_offset=\u00bb6%\u00bb background_blend=\u00bbmultiply\u00bb hover_enabled=\u00bb0&#8243; custom_css_before=\u00bbcontent:%22%22;||background-image:url(%22https:\/\/i.ibb.co\/3NmhkPC\/MEDICINA-DEL-DEPORTE.png%22);||display: inline-block;||height: 32px;||width: 32px;||background-size: 32px 32px;||position: absolute;||top: 15px;||left: -5px;||margin-right: 10px;||\u00bb custom_css_toggle_title=\u00bbleft: 10px\u00bb custom_css_toggle_icon=\u00bbtext-align: right;\u00bb global_colors_info=\u00bb{}\u00bb toggle_font=\u00bb|600|||||||\u00bb toggle_font_size=\u00bb24px\u00bb closed_toggle_font=\u00bb|600|||||||\u00bb open=\u00bboff\u00bb sticky_enabled=\u00bb0&#8243;]<\/p>\n<p style=\"text-align: justify;\"><strong>DR. V\u00cdCTOR VILLALOBOS<\/strong><\/p>\n<p style=\"text-align: justify;\"><span>En la especialidad de fisioterapia, nos dedicamos a ofrecerte soluciones efectivas para tus dolencias y lesiones. Nuestro equipo de profesionales altamente capacitados est\u00e1 aqu\u00ed para ayudarte a recuperar la movilidad, aliviar el dolor y mejorar tu calidad de vida.<\/span><\/p>\n<p>[\/et_pb_accordion_item][et_pb_accordion_item title=\u00bbTerapia Respiratoria\u00bb open_toggle_text_color=\u00bb#ed4f0e\u00bb closed_toggle_text_color=\u00bb#1c4d7b\u00bb closed_toggle_background_color=\u00bb#ffffff\u00bb icon_color=\u00bb#ed4f0e\u00bb toggle_icon=\u00bb&#x50;||divi||400&#8243; use_icon_font_size=\u00bbon\u00bb icon_font_size=\u00bb26px\u00bb _builder_version=\u00bb4.23.2&#8243; _module_preset=\u00bbdefault\u00bb body_font=\u00bb|300|||||||\u00bb body_text_align=\u00bbcenter\u00bb background_enable_image=\u00bboff\u00bb background_size=\u00bbcustom\u00bb background_image_width=\u00bb10%\u00bb background_image_height=\u00bb0%\u00bb background_position=\u00bbtop_right\u00bb background_horizontal_offset=\u00bb16%\u00bb background_vertical_offset=\u00bb6%\u00bb background_blend=\u00bbmultiply\u00bb custom_css_before=\u00bbcontent:%22%22;||background-image:url(%22https:\/\/i.ibb.co\/nsw4FHf\/NEUMOLOGI-A.png%22);||display: inline-block;||height: 32px;||width: 32px;||background-size: 32px 32px;||position: absolute;||top: 15px;||left: -5px;||margin-right: 10px;||\u00bb custom_css_toggle_title=\u00bbleft: 10px\u00bb custom_css_toggle_icon=\u00bbtext-align: right;\u00bb global_colors_info=\u00bb{}\u00bb toggle_font=\u00bb|600|||||||\u00bb toggle_font_size=\u00bb24px\u00bb closed_toggle_font=\u00bb|600|||||||\u00bb open=\u00bboff\u00bb]<\/p>\n<p style=\"text-align: justify;\"><strong>DRA. ANDREA ESQUIVEL<\/strong><\/p>\n<p style=\"text-align: justify;\"><span>En un ambiente amable y profesional, te guiaremos paso a paso en tu camino hacia una respiraci\u00f3n m\u00e1s saludable y una mejor calidad de vida. No permitas que la dificultad para respirar te detenga, \u00a1cont\u00e1ctanos hoy mismo y d\u00e9janos ser tu apoyo en la b\u00fasqueda de una respiraci\u00f3n m\u00e1s libre y c\u00f3moda!<\/span><\/p>\n<p>[\/et_pb_accordion_item][et_pb_accordion_item title=\u00bbUrolog\u00eda\u00bb open_toggle_text_color=\u00bb#ed4f0e\u00bb closed_toggle_text_color=\u00bb#1c4d7b\u00bb closed_toggle_background_color=\u00bb#ffffff\u00bb icon_color=\u00bb#ed4f0e\u00bb toggle_icon=\u00bb&#x50;||divi||400&#8243; use_icon_font_size=\u00bbon\u00bb icon_font_size=\u00bb26px\u00bb _builder_version=\u00bb4.23.2&#8243; _module_preset=\u00bbdefault\u00bb body_font=\u00bb|300|||||||\u00bb body_text_align=\u00bbcenter\u00bb background_enable_image=\u00bboff\u00bb background_size=\u00bbcustom\u00bb background_image_width=\u00bb10%\u00bb background_image_height=\u00bb0%\u00bb background_position=\u00bbtop_right\u00bb background_horizontal_offset=\u00bb16%\u00bb background_vertical_offset=\u00bb6%\u00bb background_blend=\u00bbmultiply\u00bb custom_css_before=\u00bbcontent:%22%22;||background-image:url(%22https:\/\/i.ibb.co\/fSXK7pZ\/UROLOGI-A.png%22);||display: inline-block;||height: 32px;||width: 32px;||background-size: 32px 32px;||position: absolute;||top: 15px;||left: -5px;||margin-right: 10px;||\u00bb custom_css_toggle_title=\u00bbleft: 10px\u00bb custom_css_toggle_icon=\u00bbtext-align: right;\u00bb global_colors_info=\u00bb{}\u00bb toggle_font=\u00bb|600|||||||\u00bb toggle_font_size=\u00bb24px\u00bb closed_toggle_font=\u00bb|600|||||||\u00bb open=\u00bboff\u00bb]<\/p>\n<p style=\"text-align: justify;\"><strong>DRA. NATALIA MORA<\/strong><\/p>\n<p style=\"text-align: justify;\"><span>Dedicamos importancia al cuidado integral de la salud urol\u00f3gica, abordando una amplia gama de condiciones que afectan el sistema urinario y reproductivo. Nuestro equipo de ur\u00f3logos trabajan en estrecha colaboraci\u00f3n con otros profesionales de la salud para proporcionar atenci\u00f3n integral a los pacientes.<\/span><\/p>\n<p>[\/et_pb_accordion_item][\/et_pb_accordion][\/et_pb_column][\/et_pb_row][\/et_pb_section][et_pb_section fb_built=\u00bb1&#8243; admin_label=\u00bbFooter\u00bb _builder_version=\u00bb4.23.2&#8243; background_color=\u00bb#1c4d7b\u00bb custom_padding=\u00bb120px||120px||false|false\u00bb top_divider_height=\u00bb660px\u00bb top_divider_flip=\u00bbhorizontal\u00bb bottom_divider_style=\u00bbclouds2&#8243; bottom_divider_color=\u00bbrgba(255,255,255,0.08)\u00bb bottom_divider_height=\u00bb600px\u00bb bottom_divider_flip=\u00bbvertical\u00bb global_module=\u00bb410&#8243; saved_tabs=\u00bball\u00bb global_colors_info=\u00bb{}\u00bb][et_pb_row _builder_version=\u00bb4.16&#8243; global_colors_info=\u00bb{}\u00bb][et_pb_column type=\u00bb4_4&#8243; _builder_version=\u00bb4.16&#8243; custom_padding=\u00bb|||\u00bb global_colors_info=\u00bb{}\u00bb custom_padding__hover=\u00bb|||\u00bb][et_pb_image src=\u00bbhttps:\/\/alpha.stagecr.com\/wp-content\/uploads\/2024\/01\/logo-footer.png\u00bb title_text=\u00bblogo footer\u00bb align=\u00bbcenter\u00bb align_tablet=\u00bbcenter\u00bb align_phone=\u00bbcenter\u00bb align_last_edited=\u00bbon|desktop\u00bb _builder_version=\u00bb4.23.2&#8243; border_width_bottom=\u00bb5px\u00bb border_color_bottom=\u00bb#ed4f0e\u00bb locked=\u00bboff\u00bb global_colors_info=\u00bb{}\u00bb][\/et_pb_image][et_pb_text _builder_version=\u00bb4.23.2&#8243; text_font=\u00bbMontserrat||||||||\u00bb header_font=\u00bb||||||||\u00bb header_2_font=\u00bbMontserrat|300|||||||\u00bb header_2_text_align=\u00bbcenter\u00bb header_2_font_size=\u00bb50px\u00bb header_2_line_height=\u00bb1.4em\u00bb text_orientation=\u00bbcenter\u00bb background_layout=\u00bbdark\u00bb header_2_font_size_tablet=\u00bb\u00bb header_2_font_size_phone=\u00bb30px\u00bb header_2_font_size_last_edited=\u00bbon|phone\u00bb header_2_line_height_tablet=\u00bb1.4em\u00bb header_2_line_height_phone=\u00bb\u00bb header_2_line_height_last_edited=\u00bbon|desktop\u00bb global_colors_info=\u00bb{}\u00bb]<\/p>\n<h2>Nuestra misi\u00f3n es ayudar<\/h2>\n<p>[\/et_pb_text][et_pb_text _builder_version=\u00bb4.23.2&#8243; text_font=\u00bbMontserrat|||on|||||\u00bb text_text_color=\u00bbrgba(255,255,255,0.7)\u00bb text_font_size=\u00bb16px\u00bb text_line_height=\u00bb1em\u00bb text_orientation=\u00bbcenter\u00bb background_layout=\u00bbdark\u00bb custom_padding=\u00bb0px||||false|false\u00bb custom_padding_tablet=\u00bb\u00bb custom_padding_phone=\u00bb\u00bb custom_padding_last_edited=\u00bbon|desktop\u00bb global_colors_info=\u00bb{}\u00bb]<\/p>\n<p style=\"text-align: center;\"><strong>Atenci\u00f3n 24\/7<\/strong><strong><\/strong><\/p>\n<p style=\"text-align: center;\">-Urgencias M\u00e9dicas, Farmacia, LABORATORIO Y Rayos X no requieren cita PREVIA.<\/p>\n<p style=\"text-align: center;\">-Toda especialidad m\u00e9dica requiere cita previa.<\/p>\n<p style=\"text-align: center;\"><strong>cont\u00e1ctanos para verificar disponibilidad de citas.<\/strong><\/p>\n<p>[\/et_pb_text][\/et_pb_column][\/et_pb_row][et_pb_row column_structure=\u00bb1_5,1_5,1_5,1_5,1_5&#8243; admin_label=\u00bbContent Area\u00bb _builder_version=\u00bb4.23.2&#8243; global_colors_info=\u00bb{}\u00bb][et_pb_column type=\u00bb1_5&#8243; _builder_version=\u00bb4.16&#8243; custom_padding=\u00bb|||\u00bb global_colors_info=\u00bb{}\u00bb custom_padding__hover=\u00bb|||\u00bb][et_pb_blurb title=\u00bb(506) 2440-4050&#8243; url=\u00bbtel:24404050&#8243; use_icon=\u00bbon\u00bb font_icon=\u00bb&#xe090;||divi||400&#8243; icon_color=\u00bb#2f8cff\u00bb image_icon_background_color=\u00bb#ffffff\u00bb image_icon_width=\u00bb16px\u00bb _builder_version=\u00bb4.23.2&#8243; header_font=\u00bbMontserrat||||||||\u00bb header_text_align=\u00bbcenter\u00bb header_text_color=\u00bb#ffffff\u00bb header_font_size=\u00bb16px\u00bb header_line_height=\u00bb1.7em\u00bb image_icon_custom_padding=\u00bb8px|8px|8px|8px|false|false\u00bb border_radii_image=\u00bbon|100%|100%|100%|100%\u00bb border_width_all_image=\u00bb2px\u00bb border_color_all_image=\u00bb#0C71C3&#8243; icon_font_size=\u00bb16px\u00bb use_circle=\u00bbon\u00bb circle_color=\u00bb#ffffff\u00bb global_colors_info=\u00bb{}\u00bb image_icon_background_color__sticky_enabled=\u00bb#7EBEC5&#8243; image_icon_background_color__sticky=\u00bb#7EBEC5&#8243;][\/et_pb_blurb][\/et_pb_column][et_pb_column type=\u00bb1_5&#8243; _builder_version=\u00bb4.16&#8243; custom_padding=\u00bb|||\u00bb global_colors_info=\u00bb{}\u00bb custom_padding__hover=\u00bb|||\u00bb][et_pb_blurb title=\u00bb(506) 8967-4050&#8243; url=\u00bbhttps:\/\/wa.me\/50689674050?text=Hola,%20deseo%20hacer%20una%20consulta,%20%C2%BFUsted%20podr%C3%A1%20ayudarme?\u00bb url_new_window=\u00bbon\u00bb use_icon=\u00bbon\u00bb font_icon=\u00bb&#xf232;||fa||400&#8243; icon_color=\u00bb#FFFFFF\u00bb image_icon_background_color=\u00bb#7CDA24&#8243; image_icon_width=\u00bb16px\u00bb _builder_version=\u00bb4.23.2&#8243; header_font=\u00bbMontserrat||||||||\u00bb header_text_color=\u00bb#ffffff\u00bb header_font_size=\u00bb16px\u00bb header_line_height=\u00bb1.7em\u00bb image_icon_custom_padding=\u00bb8px|8px|8px|8px|false|false\u00bb text_orientation=\u00bbcenter\u00bb border_radii_image=\u00bbon|100%|100%|100%|100%\u00bb border_width_all_image=\u00bb2px\u00bb border_color_all_image=\u00bb#FFFFFF\u00bb icon_font_size=\u00bb16px\u00bb use_circle=\u00bbon\u00bb circle_color=\u00bb#ffffff\u00bb global_colors_info=\u00bb{}\u00bb image_icon_background_color__sticky_enabled=\u00bb#7EBEC5&#8243; image_icon_background_color__sticky=\u00bb#7EBEC5&#8243;][\/et_pb_blurb][\/et_pb_column][et_pb_column type=\u00bb1_5&#8243; _builder_version=\u00bb4.23.2&#8243; _module_preset=\u00bbdefault\u00bb global_colors_info=\u00bb{}\u00bb][et_pb_blurb title=\u00bbinfo@clinica-alpha.com\u00bb url=\u00bbmailto:info@clinica-alpha.com\u00bb use_icon=\u00bbon\u00bb font_icon=\u00bb&#xe076;||divi||400&#8243; icon_color=\u00bb#FFFFFF\u00bb image_icon_background_color=\u00bb#E09900&#8243; image_icon_width=\u00bb16px\u00bb _builder_version=\u00bb4.23.2&#8243; header_font=\u00bbMontserrat||||||||\u00bb header_text_align=\u00bbcenter\u00bb header_text_color=\u00bb#ffffff\u00bb header_font_size=\u00bb14px\u00bb header_line_height=\u00bb1.7em\u00bb image_icon_custom_padding=\u00bb8px|8px|8px|8px|false|false\u00bb border_radii_image=\u00bbon|100%|100%|100%|100%\u00bb border_width_all_image=\u00bb2px\u00bb border_color_all_image=\u00bb#FFFFFF\u00bb icon_font_size=\u00bb16px\u00bb use_circle=\u00bbon\u00bb circle_color=\u00bb#ffffff\u00bb locked=\u00bboff\u00bb global_colors_info=\u00bb{}\u00bb image_icon_background_color__sticky_enabled=\u00bb#7EBEC5&#8243; image_icon_background_color__sticky=\u00bb#7EBEC5&#8243;][\/et_pb_blurb][\/et_pb_column][et_pb_column type=\u00bb1_5&#8243; _builder_version=\u00bb4.23.2&#8243; _module_preset=\u00bbdefault\u00bb global_colors_info=\u00bb{}\u00bb][et_pb_blurb title=\u00bbGoogle Maps\u00bb url=\u00bbhttps:\/\/www.google.com\/maps\/place\/Hospital+Cl%C3%ADnica+Alpha\/@10.0076408,-84.2099122,18.22z\/data=!4m14!1m7!3m6!1s0x8fa0f9c37c196735:0x1f153097b622d14c!2sHospital+Cl%C3%ADnica+Alpha!8m2!3d10.0075624!4d-84.2088191!16s%2Fg%2F1tdyrvrv!3m5!1s0x8fa0f9c37c196735:0x1f153097b622d14c!8m2!3d10.0075624!4d-84.2088191!16s%2Fg%2F1tdyrvrv?entry=ttu\u00bb url_new_window=\u00bbon\u00bb use_icon=\u00bbon\u00bb font_icon=\u00bb&#xe01d;||divi||400&#8243; icon_color=\u00bb#FFFFFF\u00bb image_icon_background_color=\u00bb#E02B20&#8243; image_icon_width=\u00bb16px\u00bb _builder_version=\u00bb4.23.2&#8243; header_font=\u00bbMontserrat||||||||\u00bb header_text_align=\u00bbcenter\u00bb header_text_color=\u00bb#ffffff\u00bb header_font_size=\u00bb16px\u00bb header_line_height=\u00bb1.7em\u00bb image_icon_custom_padding=\u00bb8px|8px|8px|8px|false|false\u00bb border_radii_image=\u00bbon|100%|100%|100%|100%\u00bb border_width_all_image=\u00bb2px\u00bb border_color_all_image=\u00bb#FFFFFF\u00bb icon_font_size=\u00bb16px\u00bb use_circle=\u00bbon\u00bb circle_color=\u00bb#ffffff\u00bb global_colors_info=\u00bb{}\u00bb image_icon_background_color__sticky_enabled=\u00bb#7EBEC5&#8243; image_icon_background_color__sticky=\u00bb#7EBEC5&#8243;][\/et_pb_blurb][\/et_pb_column][et_pb_column type=\u00bb1_5&#8243; _builder_version=\u00bb4.23.2&#8243; _module_preset=\u00bbdefault\u00bb global_colors_info=\u00bb{}\u00bb][et_pb_blurb title=\u00bbWaze\u00bb url=\u00bbhttps:\/\/waze.com\/ul\/hd1u0gvc42&#8243; use_icon=\u00bbon\u00bb font_icon=\u00bb&#xf83f;||fa||400&#8243; icon_color=\u00bb#FFFFFF\u00bb image_icon_background_color=\u00bb#0dd2e8&#8243; image_icon_width=\u00bb16px\u00bb _builder_version=\u00bb4.23.2&#8243; header_font=\u00bbMontserrat||||||||\u00bb header_text_align=\u00bbcenter\u00bb header_text_color=\u00bb#ffffff\u00bb header_font_size=\u00bb16px\u00bb header_line_height=\u00bb1.7em\u00bb body_text_align=\u00bbcenter\u00bb image_icon_custom_margin=\u00bb||0px||false|false\u00bb image_icon_custom_padding=\u00bb8px|8px|8px|8px|false|false\u00bb text_orientation=\u00bbcenter\u00bb border_radii_image=\u00bbon|100%|100%|100%|100%\u00bb border_width_all_image=\u00bb2px\u00bb border_color_all_image=\u00bb#FFFFFF\u00bb icon_font_size=\u00bb16px\u00bb use_circle=\u00bbon\u00bb circle_color=\u00bb#ffffff\u00bb global_colors_info=\u00bb{}\u00bb image_icon_background_color__sticky_enabled=\u00bb#7EBEC5&#8243; image_icon_background_color__sticky=\u00bb#7EBEC5&#8243;][\/et_pb_blurb][\/et_pb_column][\/et_pb_row][et_pb_row _builder_version=\u00bb4.23.2&#8243; _module_preset=\u00bbdefault\u00bb width=\u00bb86.8%\u00bb global_colors_info=\u00bb{}\u00bb][et_pb_column type=\u00bb4_4&#8243; _builder_version=\u00bb4.23.2&#8243; _module_preset=\u00bbdefault\u00bb global_colors_info=\u00bb{}\u00bb][et_pb_blurb title=\u00bbAlajuela, Barrio San Luis, contiguo al hospital San Rafael de Alajuela, detr\u00e1s de la  estaci\u00f3n del tren, entrada frente a gasolinera Delta, cruzando la l\u00ednea del tren dobla a la derecha.\u00bb use_icon=\u00bbon\u00bb font_icon=\u00bb&#xe081;||divi||400&#8243; icon_color=\u00bb#2f8cff\u00bb image_icon_background_color=\u00bb#ffffff\u00bb image_icon_width=\u00bb16px\u00bb content_max_width=\u00bb1100px\u00bb _builder_version=\u00bb4.23.2&#8243; header_font=\u00bbMontserrat||||||||\u00bb header_text_align=\u00bbcenter\u00bb header_text_color=\u00bb#ffffff\u00bb header_font_size=\u00bb20px\u00bb header_line_height=\u00bb1.7em\u00bb image_icon_custom_padding=\u00bb8px|8px|8px|8px|false|false\u00bb custom_padding=\u00bb8px|||0px||\u00bb border_radii_image=\u00bbon|100%|100%|100%|100%\u00bb icon_font_size=\u00bb16px\u00bb use_circle=\u00bbon\u00bb circle_color=\u00bb#ffffff\u00bb locked=\u00bboff\u00bb global_colors_info=\u00bb{}\u00bb image_icon_background_color__sticky_enabled=\u00bb#7EBEC5&#8243; image_icon_background_color__sticky=\u00bb#7EBEC5&#8243;][\/et_pb_blurb][\/et_pb_column][\/et_pb_row][\/et_pb_section]<\/p>\n","protected":false},"excerpt":{"rendered":"<p>EspecialidadesEn Hospital Cl\u00ednica Alpha, contamos con gran variedad de especialidades m\u00e9dicas y afines, con el fin de ofrecerle una atenci\u00f3n integral y de excelencia. Todos nuestros especialistas son expertos en su \u00e1rea y est\u00e1n dispuesto a ayudarle cuando usted o los suyos lo necesiten.DR. JOS\u00c9 ZAMORA , DR. DAMI\u00c1N HERN\u00c1NDEZ HERRERA. Descubra la excelencia en [&hellip;]<\/p>\n","protected":false},"author":1,"featured_media":0,"parent":0,"menu_order":0,"comment_status":"closed","ping_status":"closed","template":"","meta":{"_et_pb_use_builder":"on","_et_pb_old_content":"<!-- wp:divi\/placeholder \/-->","_et_gb_content_width":"","footnotes":""},"class_list":["post-177","page","type-page","status-publish","hentry"],"_links":{"self":[{"href":"https:\/\/alpha.stagecr.com\/index.php\/wp-json\/wp\/v2\/pages\/177","targetHints":{"allow":["GET"]}}],"collection":[{"href":"https:\/\/alpha.stagecr.com\/index.php\/wp-json\/wp\/v2\/pages"}],"about":[{"href":"https:\/\/alpha.stagecr.com\/index.php\/wp-json\/wp\/v2\/types\/page"}],"author":[{"embeddable":true,"href":"https:\/\/alpha.stagecr.com\/index.php\/wp-json\/wp\/v2\/users\/1"}],"replies":[{"embeddable":true,"href":"https:\/\/alpha.stagecr.com\/index.php\/wp-json\/wp\/v2\/comments?post=177"}],"version-history":[{"count":58,"href":"https:\/\/alpha.stagecr.com\/index.php\/wp-json\/wp\/v2\/pages\/177\/revisions"}],"predecessor-version":[{"id":476,"href":"https:\/\/alpha.stagecr.com\/index.php\/wp-json\/wp\/v2\/pages\/177\/revisions\/476"}],"wp:attachment":[{"href":"https:\/\/alpha.stagecr.com\/index.php\/wp-json\/wp\/v2\/media?parent=177"}],"curies":[{"name":"wp","href":"https:\/\/api.w.org\/{rel}","templated":true}]}}